{"id":1439,"date":"2022-11-25T08:53:10","date_gmt":"2022-11-25T07:53:10","guid":{"rendered":"https:\/\/escuelaslagunadeduero.es\/pintopinto\/?page_id=1439"},"modified":"2025-02-07T10:34:54","modified_gmt":"2025-02-07T09:34:54","slug":"gratuidad-primer-ciclo-educacion-infantil","status":"publish","type":"page","link":"https:\/\/escuelaslagunadeduero.es\/pintopinto\/gratuidad-primer-ciclo-educacion-infantil\/","title":{"rendered":"Gratuidad primer ciclo Educaci\u00f3n Infantil"},"content":{"rendered":"\n<section  class=\"seccion\">\n<div class=\"contenedor\">\n<div class=\"fila columnas-altura\">\n\t\n<div class=\"col ancho-50\">\n<div class=\"columna\">\n<div class=\"encabezado  encabezado-centrado\">\n<div class=\"encabezado-titulo\"><h3 style=\"text-align: center;\"><span style=\"color: #d7377d;\">N\u00ba de unidades<\/span> adscritas<\/h3><\/div><div class=\"encabezado-subtitulo\">Dos unidades con 20 plazas de 2 a 3 a\u00f1os. <\/div>\n<\/div>\n<div class=\"encabezado  encabezado-centrado\">\n<div class=\"encabezado-subtitulo\">Tres unidades con 39 plazas de 1 a 2 a\u00f1os.<\/div>\n<\/div><p style=\"margin-top:-20px\">(Seg\u00fan demanda por curso escolar puede funcionar una como aula mixta)<\/p>\n<div class=\"encabezado  encabezado-centrado\">\n<div class=\"encabezado-subtitulo\">Una unidad con 8 plazas de 0 a 1 a\u00f1o.<\/div>\n<\/div><div class=\"contenedor-boton  subir-40\">\n<a href=\"https:\/\/www.educa.jcyl.es\/es\/admision-alumnado\/admision-escuelas-infantiles-primer-ciclo-titularidad-admin\/centros-oferta-gratuita-2-3-anos\" target=\"_blank\" class=\"boton boton-flecha boton-ctr\">\n\t<span>Informaci\u00f3n general<\/span>\n<\/a>\n<\/div><div class=\"contenedor-boton\">\n<a href=\"https:\/\/escuelaslagunadeduero.es\/pintopinto\/pdf\/flyer-difusion-primer-ciclo2.pdf\" target=\"_blank\" class=\"boton boton-magenta boton-ctr\">\n\t<span>Ver folleto JCYL<\/span>\n<\/a>\n<\/div><div class=\"contenedor-boton\">\n<a href=\" https:\/\/www.educa.jcyl.es\/es\/ei-ep-bach-tva\" target=\"_blank\" class=\"boton boton-amarillo boton-ctr\">\n\t<span>Informaci\u00f3n JCYL<\/span>\n<\/a>\n<\/div><\/div>\n<\/div>\n<div class=\"col ancho-50 text-ctr\">\n<div class=\"columna\">\n<div class=\"encabezado  encabezado-centrado\">\n<div class=\"encabezado-titulo\"><h3 style=\"text-align: center;\"><span style=\"color: #ff9c32;\">Calendario<\/span> <span style=\"color: #d7377d;\">escolar<\/span><\/h3><\/div><\/div><a href=\"https:\/\/www.educa.jcyl.es\/es\/calendario-escolar\" target=\"_blank\" ><img loading=\"lazy\" decoding=\"async\" src=\"https:\/\/escuelaslagunadeduero.es\/pintopinto\/wp-content\/uploads\/2022\/11\/icono-calendario-180x120.png\" alt=\"https:\/\/escuelaslagunadeduero.es\/pintopinto\/wp-content\/uploads\/2022\/11\/icono-calendario-180x120.png\" width=\"180\" height=\"120\" \/><\/a><\/div>\n<\/div><\/div>\n\n<div class=\"fila columnas-altura\">\n\t\n<div class=\"col text-ctr\">\n<div class=\"columna\">\n\t<div class=\"separador-espacio\" style=\"padding-top: 40px;\"><\/div>\n\t<div class=\"separador-linea\"><hr\/><\/div>\n\n\n\t<div class=\"separador-espacio\" style=\"padding-top: 40px;\"><\/div>\n<p style=\"text-align: center;\">Colabora:<\/p><img loading=\"lazy\" decoding=\"async\" src=\"https:\/\/escuelaslagunadeduero.es\/pintopinto\/wp-content\/uploads\/2022\/11\/jcyl-logotipo-180x109.png\" alt=\"https:\/\/escuelaslagunadeduero.es\/pintopinto\/wp-content\/uploads\/2022\/11\/jcyl-logotipo-180x109.png\" width=\"180\" height=\"109\" \/><\/div>\n<\/div><\/div>\n\n<\/div>\n<\/section>\n","protected":false},"excerpt":{"rendered":"<p>N\u00ba de unidades adscritasDos unidades con 20 plazas de 2 a 3 a\u00f1os. Tres unidades con 39 plazas de 1 a 2 a\u00f1os. (Seg\u00fan demanda por curso escolar puede funcionar &#8230; <a class=\"mas\" href=\"https:\/\/escuelaslagunadeduero.es\/pintopinto\/gratuidad-primer-ciclo-educacion-infantil\/\"><strong>M\u00c1S<\/strong><\/a><\/p>\n","protected":false},"author":1,"featured_media":1479,"parent":0,"menu_order":5,"comment_status":"closed","ping_status":"closed","template":"","meta":{"footnotes":""},"class_list":["post-1439","page","type-page","status-publish","has-post-thumbnail","hentry"],"_links":{"self":[{"href":"https:\/\/escuelaslagunadeduero.es\/pintopinto\/wp-json\/wp\/v2\/pages\/1439","targetHints":{"allow":["GET"]}}],"collection":[{"href":"https:\/\/escuelaslagunadeduero.es\/pintopinto\/wp-json\/wp\/v2\/pages"}],"about":[{"href":"https:\/\/escuelaslagunadeduero.es\/pintopinto\/wp-json\/wp\/v2\/types\/page"}],"author":[{"embeddable":true,"href":"https:\/\/escuelaslagunadeduero.es\/pintopinto\/wp-json\/wp\/v2\/users\/1"}],"replies":[{"embeddable":true,"href":"https:\/\/escuelaslagunadeduero.es\/pintopinto\/wp-json\/wp\/v2\/comments?post=1439"}],"version-history":[{"count":19,"href":"https:\/\/escuelaslagunadeduero.es\/pintopinto\/wp-json\/wp\/v2\/pages\/1439\/revisions"}],"predecessor-version":[{"id":1776,"href":"https:\/\/escuelaslagunadeduero.es\/pintopinto\/wp-json\/wp\/v2\/pages\/1439\/revisions\/1776"}],"wp:featuredmedia":[{"embeddable":true,"href":"https:\/\/escuelaslagunadeduero.es\/pintopinto\/wp-json\/wp\/v2\/media\/1479"}],"wp:attachment":[{"href":"https:\/\/escuelaslagunadeduero.es\/pintopinto\/wp-json\/wp\/v2\/media?parent=1439"}],"curies":[{"name":"wp","href":"https:\/\/api.w.org\/{rel}","templated":true}]}}